{"id":4108,"date":"2026-03-11T11:23:18","date_gmt":"2026-03-11T10:23:18","guid":{"rendered":"https:\/\/www.synjenorland.com\/?page_id=4108"},"modified":"2026-03-17T22:12:03","modified_gmt":"2026-03-17T21:12:03","slug":"gefuehlvoller-gesang-fuer-studio-und-live","status":"publish","type":"page","link":"https:\/\/www.synjenorland.com\/en\/gefuehlvoller-gesang-fuer-studio-und-live\/","title":{"rendered":"Gesang f\u00fcr Studio, Live-Events &#038; besondere Momente"},"content":{"rendered":"<div class=\"wpb-content-wrapper\"><div class=\"vc_row wpb_row vc_row-fluid lc_swp_boxed force_boxed_width vc_row-o-content-top vc_row-flex\"><div class=\"wpb_column vc_column_container vc_col-sm-3\"><div class=\"vc_column-inner vc_custom_1672183459281\"><div class=\"wpb_wrapper\">\n\t<div  class=\"wpb_single_image wpb_content_element vc_align_center wpb_content_element\">\n\t\t\n\t\t<figure class=\"wpb_wrapper vc_figure\">\n\t\t\t<div class=\"vc_single_image-wrapper vc_box_circle  vc_box_border_grey\"><img fetchpriority=\"high\" decoding=\"async\" class=\"vc_single_image-img\" src=\"https:\/\/www.synjenorland.com\/wp-content\/uploads\/2026\/03\/DSC_4822_JoergPetersen-Klein-819x819.jpg\" width=\"819\" height=\"819\" alt=\"SynjeJ\u00f6rgP\" title=\"SynjeJ\u00f6rgP\" \/><\/div>\n\t\t<\/figure>\n\t<\/div>\n\n\t<div class=\"wpb_text_column wpb_content_element\" >\n\t\t<div class=\"wpb_wrapper\">\n\t\t\t<p>Foto: J\u00f6rg Petersen<\/p>\n\n\t\t<\/div>\n\t<\/div>\n<\/div><\/div><\/div><div class=\"wpb_column vc_column_container vc_col-sm-9\"><div class=\"vc_column-inner\"><div class=\"wpb_wrapper\">\n\t<div class=\"wpb_text_column wpb_content_element\" >\n\t\t<div class=\"wpb_wrapper\">\n\t\t\t<p data-start=\"164\" data-end=\"220\">Musik ist f\u00fcr mich mehr als nur Klang \u2013 sie ist Emotion, Atmosph\u00e4re und Verbindung. Als ausgebildete S\u00e4ngerin mit langj\u00e4hriger Erfahrung bringe ich genau das in jede Produktion, jede Live-Performance und jeden besonderen Moment ein.<\/p>\n<p data-start=\"742\" data-end=\"1203\">Ob im Studio, auf der B\u00fchne oder bei pers\u00f6nlichen Anl\u00e4ssen \u2013 mir ist es wichtig, Songs nicht einfach nur zu singen, sondern ihre Geschichte wirklich sp\u00fcrbar zu machen. Gerade bei besonderen Momenten wie Hochzeiten oder Trauerfeiern geht es darum, den richtigen Ton zu treffen \u2013 musikalisch, aber auch im \u00fcbertragenen Sinne. Mit viel Feingef\u00fchl, Respekt und Pr\u00e4senz begleite ich diese Augenblicke und schaffe eine Atmosph\u00e4re, die ber\u00fchrt und in Erinnerung bleibt.<\/p>\n<p data-start=\"1205\" data-end=\"1219\"><strong data-start=\"1205\" data-end=\"1219\">Was ihr von mir bekommt:<\/strong><\/p>\n<ul>\n<li data-start=\"1222\" data-end=\"1274\">Studio-Vocals f\u00fcr Produktionen, Songs und Features<\/li>\n<li data-start=\"1222\" data-end=\"1274\">Gesang f\u00fcr Werbejingles sowie Film- und Medienkompositionen<\/li>\n<li data-start=\"1222\" data-end=\"1274\">Live-Gesang f\u00fcr Konzerte und Events<\/li>\n<li data-start=\"1222\" data-end=\"1274\">Musikalische Begleitung von Hochzeiten und Trauerfeiern<\/li>\n<li data-start=\"1222\" data-end=\"1274\">Emotionale Interpretationen mit moderner Klang\u00e4sthetik<\/li>\n<li data-start=\"1222\" data-end=\"1274\">Professionelle, zuverl\u00e4ssige Zusammenarbeit<\/li>\n<\/ul>\n<p data-start=\"1482\" data-end=\"1658\">Wenn du auf der Suche nach einer Stimme bist, die Tiefe, Atmosph\u00e4re und Pers\u00f6nlichkeit in deine Musik oder in einen besonderen Moment bringt, freue ich mich \u00fcber deine Anfrage.<\/p>\n\n\t\t<\/div>\n\t<\/div>\n<div class=\"vc_btn3-container  wpb_animate_when_almost_visible wpb_bounceIn bounceIn vc_btn3-center vc_do_btn\" ><a class=\"vc_general vc_btn3 vc_btn3-size-lg vc_btn3-shape-rounded vc_btn3-style-modern vc_btn3-color-primary\" href=\"https:\/\/www.synjenorland.com\/en\/kontakt-synje-norland\/\" title=\"\">Anfrage stellen<\/a><\/div><div class=\"vc_separator wpb_content_element vc_separator_align_center vc_sep_width_100 vc_sep_pos_align_center vc_separator_no_text vc_sep_color_black wpb_content_element  wpb_content_element\" ><span class=\"vc_sep_holder vc_sep_holder_l\"><span class=\"vc_sep_line\"><\/span><\/span><span class=\"vc_sep_holder vc_sep_holder_r\"><span class=\"vc_sep_line\"><\/span><\/span>\n<\/div><\/div><\/div><\/div><\/div><div class=\"vc_row wpb_row vc_row-fluid\"><div class=\"wpb_column vc_column_container vc_col-sm-3\"><div class=\"vc_column-inner\"><div class=\"wpb_wrapper\">\t\r\n\t<div class=\"lc_vc_swp_section_title text_center\">\r\n\t\t\t\r\n\t\t\t<h2 class=\"swp_section_title\"><span class=\"lc_vibrant_color\">Referenzen<\/span><\/h2>\r\n\t\t\t\r\n\r\n\t\t\t\r\n\t\t\t<h4 class=\"section_subtitle\">(Auszug)<\/h4>\r\n\t\t\t\r\n\t<\/div>\r\n\t\r\n\t\n\t<div class=\"wpb_text_column wpb_content_element\" >\n\t\t<div class=\"wpb_wrapper\">\n\t\t\t<p data-start=\"1196\" data-end=\"1340\"><strong>Studio<\/strong><\/p>\n<ul>\n<li><a href=\"https:\/\/www.elephant-music.de\/\">Elephant Music, Flensburg<\/a><\/li>\n<li><a href=\"https:\/\/youtu.be\/sKhLH0AmbTA?si=sCiEES9xFkBp5Jj1\">Santiano<\/a><\/li>\n<li><a href=\"https:\/\/youtu.be\/WEN_t1zDnUc?si=RTlmiJNo6vI-_rre\">Faun<\/a><\/li>\n<li><a href=\"https:\/\/youtu.be\/1HcHCJLltMc?si=bii0_jL2s8gex4jF\">Sven van Thom<\/a><\/li>\n<li>Martin Goldenbaum<\/li>\n<li>Joachim Witt<\/li>\n<li><a href=\"https:\/\/youtu.be\/pRXR1Y4MplU?si=AVTRpPUjjisD7j7j\">Der Wald ist nicht genug (Filmsong)<\/a><\/li>\n<\/ul>\n<p><a href=\"https:\/\/www.synjenorland.com\/en\/live-konzerte-aktuelle-termine-veranstaltungen\/\"><strong>Live<\/strong><\/a><\/p>\n<ul>\n<li>Folk Baltica Festivalsong (Songwriting &amp; Live-Gesang)<\/li>\n<li><a href=\"https:\/\/youtu.be\/QgIXbYU1t1I\">Santiano<\/a><\/li>\n<li>Sven van Thom<\/li>\n<li>Div. Hochzeiten &amp; Trauerfeiern<\/li>\n<\/ul>\n<p><strong>Theater<\/strong><\/p>\n<ul>\n<li>Heimkehr oder die letzte Sirene &#8211; Hoftheater F\u00f6hr (Gesang, Schauspiel, Komposition)<\/li>\n<\/ul>\n\n\t\t<\/div>\n\t<\/div>\n<\/div><\/div><\/div><div class=\"wpb_column vc_column_container vc_col-sm-9\"><div class=\"vc_column-inner\"><div class=\"wpb_wrapper\">\n<div class=\"vc_grid-container-wrapper vc_clearfix vc_grid-animation-zoomIn\">\n\t<div class=\"vc_grid-container vc_clearfix wpb_content_element vc_masonry_media_grid\" data-initial-loading-animation=\"zoomIn\" data-vc-grid-settings=\"{&quot;page_id&quot;:4108,&quot;style&quot;:&quot;all-masonry&quot;,&quot;action&quot;:&quot;vc_get_vc_grid_data&quot;,&quot;shortcode_id&quot;:&quot;1773781094099-e7d07dc1-077f-1&quot;,&quot;tag&quot;:&quot;vc_masonry_media_grid&quot;}\" data-vc-request=\"https:\/\/www.synjenorland.com\/wp-admin\/admin-ajax.php\" data-vc-post-id=\"4108\" data-vc-public-nonce=\"b7019c3d5d\">\n\t\t\n\t<\/div>\n<\/div><div class=\"vc_separator wpb_content_element vc_separator_align_center vc_sep_width_100 vc_sep_pos_align_center vc_separator_no_text vc_sep_color_grey wpb_content_element  wpb_content_element\" ><span class=\"vc_sep_holder vc_sep_holder_l\"><span class=\"vc_sep_line\"><\/span><\/span><span class=\"vc_sep_holder vc_sep_holder_r\"><span class=\"vc_sep_line\"><\/span><\/span>\n<\/div>\t\r\n\t<div class=\"lc_swp_boxed vc_video_container\">\r\n\t\t<div class=\"lc_embed_video_container_full\">\r\n\t\t\t\t\t\t\t\t<iframe src=\"https:\/\/www.youtube.com\/embed\/XNjwYjvHGvE?si=F8VYkFyP0cHBXZ-1?autoplay=0&amp;wmode=transparent&amp;rel=0&amp;showinfo=0\" allowfullscreen><\/iframe>\r\n\t\t\t\t\t\t<\/div>\r\n\t<\/div>\r\n\t\r\n\t<\/div><\/div><\/div><\/div>\n<\/div>","protected":false},"excerpt":{"rendered":"Foto: J\u00f6rg Petersen Musik ist f\u00fcr mich mehr als nur Klang \u2013 sie ist Emotion, Atmosph\u00e4re und Verbindung. Als ausgebildete S\u00e4ngerin mit langj\u00e4hriger Erfahrung bringe ich genau das in jede Produktion, jede Live-Performance und jeden besonderen Moment ein. Ob im...","protected":false},"author":1,"featured_media":4251,"parent":0,"menu_order":0,"comment_status":"closed","ping_status":"closed","template":"","meta":{"footnotes":""},"class_list":["post-4108","page","type-page","status-publish","has-post-thumbnail","hentry"],"yoast_head":"<!-- This site is optimized with the Yoast SEO plugin v27.4 - https:\/\/yoast.com\/product\/yoast-seo-wordpress\/ -->\n<title>Gesang f\u00fcr Studio, Live-Events &amp; besondere Momente - Synje Norland<\/title>\n<meta name=\"description\" content=\"Als ausgebildete S\u00e4ngerin mit langj\u00e4hriger Erfahrung bringe ich genau das in jede Produktion, jede Live-Performance und jeden besonderen Moment ein.\" \/>\n<meta name=\"robots\" content=\"index, follow, max-snippet:-1, max-image-preview:large, max-video-preview:-1\" \/>\n<link rel=\"canonical\" href=\"https:\/\/www.synjenorland.com\/en\/gefuehlvoller-gesang-fuer-studio-und-live\/\" \/>\n<meta property=\"og:locale\" content=\"en_US\" \/>\n<meta property=\"og:type\" content=\"article\" \/>\n<meta property=\"og:title\" content=\"Gesang f\u00fcr Studio, Live-Events &amp; besondere Momente - Synje Norland\" \/>\n<meta property=\"og:description\" content=\"Als ausgebildete S\u00e4ngerin mit langj\u00e4hriger Erfahrung bringe ich genau das in jede Produktion, jede Live-Performance und jeden besonderen Moment ein.\" \/>\n<meta property=\"og:url\" content=\"https:\/\/www.synjenorland.com\/en\/gefuehlvoller-gesang-fuer-studio-und-live\/\" \/>\n<meta property=\"og:site_name\" content=\"Synje Norland\" \/>\n<meta property=\"article:publisher\" content=\"https:\/\/www.facebook.com\/synjenorland\/\" \/>\n<meta property=\"article:modified_time\" content=\"2026-03-17T21:12:03+00:00\" \/>\n<meta property=\"og:image\" content=\"https:\/\/www.synjenorland.com\/wp-content\/uploads\/2026\/03\/DSC_4822_JoergPetersen-Klein.jpg\" \/>\n\t<meta property=\"og:image:width\" content=\"819\" \/>\n\t<meta property=\"og:image:height\" content=\"1024\" \/>\n\t<meta property=\"og:image:type\" content=\"image\/jpeg\" \/>\n<meta name=\"twitter:card\" content=\"summary_large_image\" \/>\n<meta name=\"twitter:label1\" content=\"Est. reading time\" \/>\n\t<meta name=\"twitter:data1\" content=\"2 minutes\" \/>\n<script type=\"application\/ld+json\" class=\"yoast-schema-graph\">{\"@context\":\"https:\\\/\\\/schema.org\",\"@graph\":[{\"@type\":\"WebPage\",\"@id\":\"https:\\\/\\\/www.synjenorland.com\\\/gefuehlvoller-gesang-fuer-studio-und-live\\\/\",\"url\":\"https:\\\/\\\/www.synjenorland.com\\\/gefuehlvoller-gesang-fuer-studio-und-live\\\/\",\"name\":\"Gesang f\u00fcr Studio, Live-Events & besondere Momente - Synje Norland\",\"isPartOf\":{\"@id\":\"https:\\\/\\\/www.synjenorland.com\\\/#website\"},\"primaryImageOfPage\":{\"@id\":\"https:\\\/\\\/www.synjenorland.com\\\/gefuehlvoller-gesang-fuer-studio-und-live\\\/#primaryimage\"},\"image\":{\"@id\":\"https:\\\/\\\/www.synjenorland.com\\\/gefuehlvoller-gesang-fuer-studio-und-live\\\/#primaryimage\"},\"thumbnailUrl\":\"https:\\\/\\\/www.synjenorland.com\\\/wp-content\\\/uploads\\\/2026\\\/03\\\/DSC_4822_JoergPetersen-Klein.jpg\",\"datePublished\":\"2026-03-11T10:23:18+00:00\",\"dateModified\":\"2026-03-17T21:12:03+00:00\",\"description\":\"Als ausgebildete S\u00e4ngerin mit langj\u00e4hriger Erfahrung bringe ich genau das in jede Produktion, jede Live-Performance und jeden besonderen Moment ein.\",\"breadcrumb\":{\"@id\":\"https:\\\/\\\/www.synjenorland.com\\\/gefuehlvoller-gesang-fuer-studio-und-live\\\/#breadcrumb\"},\"inLanguage\":\"en-US\",\"potentialAction\":[{\"@type\":\"ReadAction\",\"target\":[\"https:\\\/\\\/www.synjenorland.com\\\/gefuehlvoller-gesang-fuer-studio-und-live\\\/\"]}]},{\"@type\":\"ImageObject\",\"inLanguage\":\"en-US\",\"@id\":\"https:\\\/\\\/www.synjenorland.com\\\/gefuehlvoller-gesang-fuer-studio-und-live\\\/#primaryimage\",\"url\":\"https:\\\/\\\/www.synjenorland.com\\\/wp-content\\\/uploads\\\/2026\\\/03\\\/DSC_4822_JoergPetersen-Klein.jpg\",\"contentUrl\":\"https:\\\/\\\/www.synjenorland.com\\\/wp-content\\\/uploads\\\/2026\\\/03\\\/DSC_4822_JoergPetersen-Klein.jpg\",\"width\":819,\"height\":1024},{\"@type\":\"BreadcrumbList\",\"@id\":\"https:\\\/\\\/www.synjenorland.com\\\/gefuehlvoller-gesang-fuer-studio-und-live\\\/#breadcrumb\",\"itemListElement\":[{\"@type\":\"ListItem\",\"position\":1,\"name\":\"Startseite\",\"item\":\"https:\\\/\\\/www.synjenorland.com\\\/\"},{\"@type\":\"ListItem\",\"position\":2,\"name\":\"Gesang f\u00fcr Studio, Live-Events &#038; besondere Momente\"}]},{\"@type\":\"WebSite\",\"@id\":\"https:\\\/\\\/www.synjenorland.com\\\/#website\",\"url\":\"https:\\\/\\\/www.synjenorland.com\\\/\",\"name\":\"Synje Norland\",\"description\":\"Synje Norland | Singer-Songwriter\",\"publisher\":{\"@id\":\"https:\\\/\\\/www.synjenorland.com\\\/#\\\/schema\\\/person\\\/72dea3a32f919f7dee18d0ddcdab6e26\"},\"potentialAction\":[{\"@type\":\"SearchAction\",\"target\":{\"@type\":\"EntryPoint\",\"urlTemplate\":\"https:\\\/\\\/www.synjenorland.com\\\/?s={search_term_string}\"},\"query-input\":{\"@type\":\"PropertyValueSpecification\",\"valueRequired\":true,\"valueName\":\"search_term_string\"}}],\"inLanguage\":\"en-US\"},{\"@type\":[\"Person\",\"Organization\"],\"@id\":\"https:\\\/\\\/www.synjenorland.com\\\/#\\\/schema\\\/person\\\/72dea3a32f919f7dee18d0ddcdab6e26\",\"name\":\"Synje Norland\",\"image\":{\"@type\":\"ImageObject\",\"inLanguage\":\"en-US\",\"@id\":\"https:\\\/\\\/secure.gravatar.com\\\/avatar\\\/6adc73af4918bdae4101c4c560261de2b72b75162a7ac281ab65762995a63475?s=96&d=mm&r=g\",\"url\":\"https:\\\/\\\/secure.gravatar.com\\\/avatar\\\/6adc73af4918bdae4101c4c560261de2b72b75162a7ac281ab65762995a63475?s=96&d=mm&r=g\",\"contentUrl\":\"https:\\\/\\\/secure.gravatar.com\\\/avatar\\\/6adc73af4918bdae4101c4c560261de2b72b75162a7ac281ab65762995a63475?s=96&d=mm&r=g\",\"caption\":\"Synje Norland\"},\"logo\":{\"@id\":\"https:\\\/\\\/secure.gravatar.com\\\/avatar\\\/6adc73af4918bdae4101c4c560261de2b72b75162a7ac281ab65762995a63475?s=96&d=mm&r=g\"},\"sameAs\":[\"https:\\\/\\\/www.synjenorland.com\",\"https:\\\/\\\/www.facebook.com\\\/synjenorland\\\/\",\"https:\\\/\\\/www.youtube.com\\\/@norlandmusic\",\"https:\\\/\\\/soundcloud.com\\\/synjenorland\",\"https:\\\/\\\/de.wikipedia.org\\\/wiki\\\/Synje_Norland\"]}]}<\/script>\n<!-- \/ Yoast SEO plugin. -->","yoast_head_json":{"title":"Gesang f\u00fcr Studio, Live-Events & besondere Momente - Synje Norland","description":"Als ausgebildete S\u00e4ngerin mit langj\u00e4hriger Erfahrung bringe ich genau das in jede Produktion, jede Live-Performance und jeden besonderen Moment ein.","robots":{"index":"index","follow":"follow","max-snippet":"max-snippet:-1","max-image-preview":"max-image-preview:large","max-video-preview":"max-video-preview:-1"},"canonical":"https:\/\/www.synjenorland.com\/en\/gefuehlvoller-gesang-fuer-studio-und-live\/","og_locale":"en_US","og_type":"article","og_title":"Gesang f\u00fcr Studio, Live-Events & besondere Momente - Synje Norland","og_description":"Als ausgebildete S\u00e4ngerin mit langj\u00e4hriger Erfahrung bringe ich genau das in jede Produktion, jede Live-Performance und jeden besonderen Moment ein.","og_url":"https:\/\/www.synjenorland.com\/en\/gefuehlvoller-gesang-fuer-studio-und-live\/","og_site_name":"Synje Norland","article_publisher":"https:\/\/www.facebook.com\/synjenorland\/","article_modified_time":"2026-03-17T21:12:03+00:00","og_image":[{"width":819,"height":1024,"url":"https:\/\/www.synjenorland.com\/wp-content\/uploads\/2026\/03\/DSC_4822_JoergPetersen-Klein.jpg","type":"image\/jpeg"}],"twitter_card":"summary_large_image","twitter_misc":{"Est. reading time":"2 minutes"},"schema":{"@context":"https:\/\/schema.org","@graph":[{"@type":"WebPage","@id":"https:\/\/www.synjenorland.com\/gefuehlvoller-gesang-fuer-studio-und-live\/","url":"https:\/\/www.synjenorland.com\/gefuehlvoller-gesang-fuer-studio-und-live\/","name":"Gesang f\u00fcr Studio, Live-Events & besondere Momente - Synje Norland","isPartOf":{"@id":"https:\/\/www.synjenorland.com\/#website"},"primaryImageOfPage":{"@id":"https:\/\/www.synjenorland.com\/gefuehlvoller-gesang-fuer-studio-und-live\/#primaryimage"},"image":{"@id":"https:\/\/www.synjenorland.com\/gefuehlvoller-gesang-fuer-studio-und-live\/#primaryimage"},"thumbnailUrl":"https:\/\/www.synjenorland.com\/wp-content\/uploads\/2026\/03\/DSC_4822_JoergPetersen-Klein.jpg","datePublished":"2026-03-11T10:23:18+00:00","dateModified":"2026-03-17T21:12:03+00:00","description":"Als ausgebildete S\u00e4ngerin mit langj\u00e4hriger Erfahrung bringe ich genau das in jede Produktion, jede Live-Performance und jeden besonderen Moment ein.","breadcrumb":{"@id":"https:\/\/www.synjenorland.com\/gefuehlvoller-gesang-fuer-studio-und-live\/#breadcrumb"},"inLanguage":"en-US","potentialAction":[{"@type":"ReadAction","target":["https:\/\/www.synjenorland.com\/gefuehlvoller-gesang-fuer-studio-und-live\/"]}]},{"@type":"ImageObject","inLanguage":"en-US","@id":"https:\/\/www.synjenorland.com\/gefuehlvoller-gesang-fuer-studio-und-live\/#primaryimage","url":"https:\/\/www.synjenorland.com\/wp-content\/uploads\/2026\/03\/DSC_4822_JoergPetersen-Klein.jpg","contentUrl":"https:\/\/www.synjenorland.com\/wp-content\/uploads\/2026\/03\/DSC_4822_JoergPetersen-Klein.jpg","width":819,"height":1024},{"@type":"BreadcrumbList","@id":"https:\/\/www.synjenorland.com\/gefuehlvoller-gesang-fuer-studio-und-live\/#breadcrumb","itemListElement":[{"@type":"ListItem","position":1,"name":"Startseite","item":"https:\/\/www.synjenorland.com\/"},{"@type":"ListItem","position":2,"name":"Gesang f\u00fcr Studio, Live-Events &#038; besondere Momente"}]},{"@type":"WebSite","@id":"https:\/\/www.synjenorland.com\/#website","url":"https:\/\/www.synjenorland.com\/","name":"Synje Norland","description":"Synje Norland | Singer-Songwriter","publisher":{"@id":"https:\/\/www.synjenorland.com\/#\/schema\/person\/72dea3a32f919f7dee18d0ddcdab6e26"},"potentialAction":[{"@type":"SearchAction","target":{"@type":"EntryPoint","urlTemplate":"https:\/\/www.synjenorland.com\/?s={search_term_string}"},"query-input":{"@type":"PropertyValueSpecification","valueRequired":true,"valueName":"search_term_string"}}],"inLanguage":"en-US"},{"@type":["Person","Organization"],"@id":"https:\/\/www.synjenorland.com\/#\/schema\/person\/72dea3a32f919f7dee18d0ddcdab6e26","name":"Synje Norland","image":{"@type":"ImageObject","inLanguage":"en-US","@id":"https:\/\/secure.gravatar.com\/avatar\/6adc73af4918bdae4101c4c560261de2b72b75162a7ac281ab65762995a63475?s=96&d=mm&r=g","url":"https:\/\/secure.gravatar.com\/avatar\/6adc73af4918bdae4101c4c560261de2b72b75162a7ac281ab65762995a63475?s=96&d=mm&r=g","contentUrl":"https:\/\/secure.gravatar.com\/avatar\/6adc73af4918bdae4101c4c560261de2b72b75162a7ac281ab65762995a63475?s=96&d=mm&r=g","caption":"Synje Norland"},"logo":{"@id":"https:\/\/secure.gravatar.com\/avatar\/6adc73af4918bdae4101c4c560261de2b72b75162a7ac281ab65762995a63475?s=96&d=mm&r=g"},"sameAs":["https:\/\/www.synjenorland.com","https:\/\/www.facebook.com\/synjenorland\/","https:\/\/www.youtube.com\/@norlandmusic","https:\/\/soundcloud.com\/synjenorland","https:\/\/de.wikipedia.org\/wiki\/Synje_Norland"]}]}},"_links":{"self":[{"href":"https:\/\/www.synjenorland.com\/en\/wp-json\/wp\/v2\/pages\/4108","targetHints":{"allow":["GET"]}}],"collection":[{"href":"https:\/\/www.synjenorland.com\/en\/wp-json\/wp\/v2\/pages"}],"about":[{"href":"https:\/\/www.synjenorland.com\/en\/wp-json\/wp\/v2\/types\/page"}],"author":[{"embeddable":true,"href":"https:\/\/www.synjenorland.com\/en\/wp-json\/wp\/v2\/users\/1"}],"replies":[{"embeddable":true,"href":"https:\/\/www.synjenorland.com\/en\/wp-json\/wp\/v2\/comments?post=4108"}],"version-history":[{"count":38,"href":"https:\/\/www.synjenorland.com\/en\/wp-json\/wp\/v2\/pages\/4108\/revisions"}],"predecessor-version":[{"id":4135,"href":"https:\/\/www.synjenorland.com\/en\/wp-json\/wp\/v2\/pages\/4108\/revisions\/4135"}],"wp:featuredmedia":[{"embeddable":true,"href":"https:\/\/www.synjenorland.com\/en\/wp-json\/wp\/v2\/media\/4251"}],"wp:attachment":[{"href":"https:\/\/www.synjenorland.com\/en\/wp-json\/wp\/v2\/media?parent=4108"}],"curies":[{"name":"wp","href":"https:\/\/api.w.org\/{rel}","templated":true}]}}